{"id":1051,"date":"2024-04-09T10:04:29","date_gmt":"2024-04-09T08:04:29","guid":{"rendered":"https:\/\/imppact-chirurgie.fr\/?page_id=1051"},"modified":"2025-01-17T11:46:58","modified_gmt":"2025-01-17T10:46:58","slug":"professeur-emmanuel-camus","status":"publish","type":"page","link":"https:\/\/imppact-chirurgie.fr\/index.php\/nos-chirurgiens\/professeur-emmanuel-camus\/","title":{"rendered":"Professeur Emmanuel Camus"},"content":{"rendered":"<p>[et_pb_section fb_built=\u00a0\u00bb1&Prime; _builder_version=\u00a0\u00bb4.16&Prime; background_color=\u00a0\u00bb#F0F1F4&Prime; custom_padding=\u00a0\u00bb40px||118px|||\u00a0\u00bb global_colors_info=\u00a0\u00bb{}\u00a0\u00bb][et_pb_row column_structure=\u00a0\u00bb1_2,1_2&Prime; make_equal=\u00a0\u00bbon\u00a0\u00bb _builder_version=\u00a0\u00bb4.16&Prime; custom_padding=\u00a0\u00bb||0px|||\u00a0\u00bb global_colors_info=\u00a0\u00bb{}\u00a0\u00bb][et_pb_column type=\u00a0\u00bb1_2&Prime; module_class=\u00a0\u00bbvertical-align\u00a0\u00bb _builder_version=\u00a0\u00bb4.16&Prime; global_colors_info=\u00a0\u00bb{}\u00a0\u00bb][et_pb_text _builder_version=\u00a0\u00bb4.24.0&Prime; header_font=\u00a0\u00bb|700|||||||\u00a0\u00bb header_font_size=\u00a0\u00bb40px\u00a0\u00bb custom_margin=\u00a0\u00bb||2px|||\u00a0\u00bb header_text_align_tablet=\u00a0\u00bb\u00a0\u00bb header_text_align_phone=\u00a0\u00bbcenter\u00a0\u00bb header_text_align_last_edited=\u00a0\u00bbon|phone\u00a0\u00bb header_font_size_tablet=\u00a0\u00bb30px\u00a0\u00bb header_font_size_phone=\u00a0\u00bb25px\u00a0\u00bb header_font_size_last_edited=\u00a0\u00bbon|tablet\u00a0\u00bb global_colors_info=\u00a0\u00bb{}\u00a0\u00bb]<\/p>\n<h1>Pr. Emmanuel CAMUS<\/h1>\n<p>[\/et_pb_text][et_pb_text _builder_version=\u00a0\u00bb4.24.0&Prime; custom_margin=\u00a0\u00bb38px||||false|false\u00a0\u00bb header_3_text_align_tablet=\u00a0\u00bb\u00a0\u00bb header_3_text_align_phone=\u00a0\u00bbcenter\u00a0\u00bb header_3_text_align_last_edited=\u00a0\u00bbon|phone\u00a0\u00bb global_colors_info=\u00a0\u00bb{}\u00a0\u00bb]<\/p>\n<h3>Pr\u00e9sentation<\/h3>\n<p>[\/et_pb_text][et_pb_text _builder_version=\u00a0\u00bb4.24.3&Prime; text_font_size=\u00a0\u00bb15px\u00a0\u00bb text_line_height=\u00a0\u00bb1.6em\u00a0\u00bb custom_margin=\u00a0\u00bb-13px|||||\u00a0\u00bb text_orientation_tablet=\u00a0\u00bb\u00a0\u00bb text_orientation_phone=\u00a0\u00bbcenter\u00a0\u00bb text_orientation_last_edited=\u00a0\u00bbon|phone\u00a0\u00bb global_colors_info=\u00a0\u00bb{}\u00a0\u00bb]<\/p>\n<p class=\"dl-profile-text js-bio dl-profile-bio\" style=\"text-align: justify;\"><span>En tant que chirurgien orthop\u00e9diste, je suis sp\u00e9cialis\u00e9 dans la chirurgie de l&rsquo;appareil locomoteur des membres sup\u00e9rieurs et inf\u00e9rieurs. Je prends en charge la chirurgie des os et des articulations, des tendons et des ligaments, et des nerfs p\u00e9riph\u00e9riques. <\/span><\/p>\n<p class=\"dl-profile-text js-bio dl-profile-bio\" style=\"text-align: justify;\"><span>J&rsquo;ai une exp\u00e9rience plus particuli\u00e8re dans la chirurgie de la main et du pied, avec une hyper sp\u00e9cialisation concernant la main et le poignet. <\/span><\/p>\n<p class=\"dl-profile-text js-bio dl-profile-bio\" style=\"text-align: justify;\"><span>Je suis \u00e9galement enseignant, moniteur pour l&rsquo;association internationale d&rsquo;arthroscopie du poignet (IWAS), chercheur, et professeur collaborateur au laboratoire d&rsquo;anatomie et de biom\u00e9canique de la facult\u00e9 ULB de Bruxelles. <\/span><\/p>\n<p class=\"dl-profile-text js-bio dl-profile-bio\" style=\"text-align: justify;\"><span>Je suis adjoint au r\u00e9dacteur en chef \u00e0 la revue Franco-Belge de chirurgie de la main (Hand Surgery and Rehabilitation), charg\u00e9 des publications concernant le poignet et les doigts. Mes sujets de recherche concernent principalement les fractures du poignet et des doigts, notamment le radius et le scapho\u00efde, les l\u00e9sions ligamentaires du poignet (entorses), la chirurgie arthroscopique du poignet et les pathologies plus exceptionnelles du poignet, par exemple la maladie de Kienb\u00f6ck, la maladie de Madelung.<\/span><\/p>\n<p>[\/et_pb_text][et_pb_text _builder_version=\u00a0\u00bb4.24.0&Prime; custom_margin=\u00a0\u00bb38px||||false|false\u00a0\u00bb header_3_text_align_tablet=\u00a0\u00bb\u00a0\u00bb header_3_text_align_phone=\u00a0\u00bbcenter\u00a0\u00bb header_3_text_align_last_edited=\u00a0\u00bbon|phone\u00a0\u00bb global_colors_info=\u00a0\u00bb{}\u00a0\u00bb]<\/p>\n<h3 class=\"dl-profile-card-title dl-text dl-text-title dl-text-bold dl-text-s dl-text-neutral-150\">Dipl\u00f4mes nationaux et universitaires<\/h3>\n<p>[\/et_pb_text][et_pb_text _builder_version=\u00a0\u00bb4.24.3&Prime; _module_preset=\u00a0\u00bbdefault\u00a0\u00bb text_font_size=\u00a0\u00bb15px\u00a0\u00bb global_colors_info=\u00a0\u00bb{}\u00a0\u00bb]<\/p>\n<div class=\"dl-profile-text dl-profile-entry\">\n<div class=\"dl-profile-text dl-profile-entry\">\n<p class=\"dl-profile-entry-label\">D.U. R\u00e9paration du dommage corporel &#8211; Universit\u00e9 d&rsquo;Amiens<\/p>\n<\/div>\n<div class=\"dl-profile-text dl-profile-entry\">\n<p class=\"dl-profile-entry-label\">D.U. Microchirurgie &#8211; Universit\u00e9 Lille 2<\/p>\n<\/div>\n<div class=\"dl-profile-text dl-profile-entry\">\n<p class=\"dl-profile-entry-label\">D.U. Chirurgie de la main et du membre sup\u00e9rieur &#8211; Universit\u00e9 Paris 6 &#8211; Saint-Antoine<\/p>\n<\/div>\n<div class=\"dl-profile-text dl-profile-entry\">\n<div class=\"dl-profile-entry-time\"><\/div>\n<p class=\"dl-profile-entry-label\">D.E.S.C. Chirurgie orthop\u00e9dique et traumatologie &#8211; Universit\u00e9 Lille 2<\/p>\n<\/div>\n<div class=\"dl-profile-text dl-profile-entry\">\n<p class=\"dl-profile-entry-label\">D.E.S. Chirurgie g\u00e9n\u00e9rale &#8211; Universit\u00e9 Lille 2<\/p>\n<\/div>\n<div class=\"dl-profile-text dl-profile-entry\">\n<p class=\"dl-profile-entry-label\">Ma\u00eetrise de sciences biologiques et m\u00e9dicales &#8211; Universit\u00e9 Lille 2<\/p>\n<\/div>\n<\/div>\n<p>[\/et_pb_text][et_pb_text _builder_version=\u00a0\u00bb4.24.0&Prime; custom_margin=\u00a0\u00bb38px||||false|false\u00a0\u00bb header_3_text_align_tablet=\u00a0\u00bb\u00a0\u00bb header_3_text_align_phone=\u00a0\u00bbcenter\u00a0\u00bb header_3_text_align_last_edited=\u00a0\u00bbon|phone\u00a0\u00bb global_colors_info=\u00a0\u00bb{}\u00a0\u00bb]<\/p>\n<h3 class=\"dl-profile-card-title dl-text dl-text-title dl-text-bold dl-text-s dl-text-neutral-150\">Exp\u00e9riences<\/h3>\n<p>[\/et_pb_text][et_pb_text _builder_version=\u00a0\u00bb4.27.4&Prime; text_font_size=\u00a0\u00bb15px\u00a0\u00bb text_line_height=\u00a0\u00bb1.6em\u00a0\u00bb hover_enabled=\u00a0\u00bb0&Prime; text_orientation_tablet=\u00a0\u00bb\u00a0\u00bb text_orientation_phone=\u00a0\u00bbcenter\u00a0\u00bb text_orientation_last_edited=\u00a0\u00bbon|phone\u00a0\u00bb global_colors_info=\u00a0\u00bb{}\u00a0\u00bb sticky_enabled=\u00a0\u00bb0&Prime;]<\/p>\n<p><span class=\"accent_year\">Depuis 2024<\/span>\u00a0<span>Praticien &#8211; Polyclinique du Parc \u00e0 Saint-Saulve<\/span><\/p>\n<p>[\/et_pb_text][et_pb_text _builder_version=\u00a0\u00bb4.27.4&Prime; text_font_size=\u00a0\u00bb15px\u00a0\u00bb text_line_height=\u00a0\u00bb1.6em\u00a0\u00bb hover_enabled=\u00a0\u00bb0&Prime; text_orientation_tablet=\u00a0\u00bb\u00a0\u00bb text_orientation_phone=\u00a0\u00bbcenter\u00a0\u00bb text_orientation_last_edited=\u00a0\u00bbon|phone\u00a0\u00bb global_colors_info=\u00a0\u00bb{}\u00a0\u00bb sticky_enabled=\u00a0\u00bb0&Prime;]<\/p>\n<p><span class=\"accent_year\">Depuis 2017<\/span> <span>Praticien &#8211; Clinique du Cambr\u00e9sis<\/span><\/p>\n<p>[\/et_pb_text][et_pb_text _builder_version=\u00a0\u00bb4.24.3&Prime; text_font_size=\u00a0\u00bb15px\u00a0\u00bb text_line_height=\u00a0\u00bb1.6em\u00a0\u00bb text_orientation_tablet=\u00a0\u00bb\u00a0\u00bb text_orientation_phone=\u00a0\u00bbcenter\u00a0\u00bb text_orientation_last_edited=\u00a0\u00bbon|phone\u00a0\u00bb global_colors_info=\u00a0\u00bb{}\u00a0\u00bb]<\/p>\n<p><span class=\"accent_year\">Depuis 2001<\/span>\u00a0<span>Cabinet &#8211; Maubeuge<\/span><\/p>\n<p>[\/et_pb_text][\/et_pb_column][et_pb_column type=\u00a0\u00bb1_2&Prime; _builder_version=\u00a0\u00bb4.16&Prime; global_colors_info=\u00a0\u00bb{}\u00a0\u00bb][et_pb_image src=\u00a0\u00bbhttps:\/\/imppact-chirurgie.fr\/wp-content\/uploads\/2024\/02\/E-Camus.jpg\u00a0\u00bb alt=\u00a0\u00bbProfesseur E Camus\u00a0\u00bb title_text=\u00a0\u00bbE Camus\u00a0\u00bb align=\u00a0\u00bbcenter\u00a0\u00bb admin_label=\u00a0\u00bbImage\u00a0\u00bb _builder_version=\u00a0\u00bb4.27.0&Prime; width=\u00a0\u00bb60%\u00a0\u00bb max_width_tablet=\u00a0\u00bb250px\u00a0\u00bb max_width_phone=\u00a0\u00bb\u00a0\u00bb max_width_last_edited=\u00a0\u00bbon|tablet\u00a0\u00bb module_alignment_tablet=\u00a0\u00bbcenter\u00a0\u00bb module_alignment_phone=\u00a0\u00bb\u00a0\u00bb module_alignment_last_edited=\u00a0\u00bbon|tablet\u00a0\u00bb border_radii=\u00a0\u00bbon|200px|200px|200px|200px\u00a0\u00bb global_colors_info=\u00a0\u00bb{}\u00a0\u00bb][\/et_pb_image][et_pb_button button_url=\u00a0\u00bbhttps:\/\/www.doctolib.fr\/chirurgien-orthopediste\/maubeuge\/emmanuel-camus-maubeuge\u00a0\u00bb button_text=\u00a0\u00bbPrendre RDV sur Doctolib\u00a0\u00bb button_alignment=\u00a0\u00bbcenter\u00a0\u00bb button_alignment_tablet=\u00a0\u00bbcenter\u00a0\u00bb button_alignment_phone=\u00a0\u00bb\u00a0\u00bb button_alignment_last_edited=\u00a0\u00bbon|desktop\u00a0\u00bb module_class=\u00a0\u00bbprimary_button\u00a0\u00bb _builder_version=\u00a0\u00bb4.24.3&Prime; custom_button=\u00a0\u00bbon\u00a0\u00bb button_text_size=\u00a0\u00bb16px\u00a0\u00bb button_text_color=\u00a0\u00bb#ffffff\u00a0\u00bb button_bg_color=\u00a0\u00bb#57c7e8&Prime; button_border_width=\u00a0\u00bb0px\u00a0\u00bb button_border_radius=\u00a0\u00bb50px\u00a0\u00bb button_font=\u00a0\u00bbPoppins||||||||\u00a0\u00bb button_use_icon=\u00a0\u00bboff\u00a0\u00bb custom_padding=\u00a0\u00bb15px|30px|15px|30px|true|true\u00a0\u00bb global_colors_info=\u00a0\u00bb{}\u00a0\u00bb button_bg_color__hover_enabled=\u00a0\u00bbon|hover\u00a0\u00bb button_bg_color__hover=\u00a0\u00bb\u00a0\u00bb button_bg_enable_color__hover=\u00a0\u00bboff\u00a0\u00bb][\/et_pb_button][et_pb_text _builder_version=\u00a0\u00bb4.24.0&Prime; custom_margin=\u00a0\u00bb51px||||false|false\u00a0\u00bb header_3_text_align_tablet=\u00a0\u00bb\u00a0\u00bb header_3_text_align_phone=\u00a0\u00bbcenter\u00a0\u00bb header_3_text_align_last_edited=\u00a0\u00bbon|phone\u00a0\u00bb global_colors_info=\u00a0\u00bb{}\u00a0\u00bb]<\/p>\n<h3 class=\"dl-profile-card-title dl-text dl-text-title dl-text-bold dl-text-s dl-text-neutral-150\">Sp\u00e9cialit\u00e9s<\/h3>\n<p>[\/et_pb_text][et_pb_button button_url=\u00a0\u00bb@ET-DC@eyJkeW5hbWljIjp0cnVlLCJjb250ZW50IjoicG9zdF9saW5rX3VybF9wYWdlIiwic2V0dGluZ3MiOnsicG9zdF9pZCI6IjkyMyJ9fQ==@\u00a0\u00bb button_text=\u00a0\u00bbChirurgie de la main\u00a0\u00bb button_alignment_tablet=\u00a0\u00bbcenter\u00a0\u00bb button_alignment_phone=\u00a0\u00bb\u00a0\u00bb button_alignment_last_edited=\u00a0\u00bbon|tablet\u00a0\u00bb module_class=\u00a0\u00bbprimary_button\u00a0\u00bb _builder_version=\u00a0\u00bb4.24.0&Prime; _dynamic_attributes=\u00a0\u00bbbutton_url\u00a0\u00bb custom_button=\u00a0\u00bbon\u00a0\u00bb button_text_size=\u00a0\u00bb16px\u00a0\u00bb button_text_color=\u00a0\u00bb#ffffff\u00a0\u00bb button_border_width=\u00a0\u00bb0px\u00a0\u00bb button_border_radius=\u00a0\u00bb50px\u00a0\u00bb button_font=\u00a0\u00bbPoppins||||||||\u00a0\u00bb button_use_icon=\u00a0\u00bboff\u00a0\u00bb custom_padding=\u00a0\u00bb15px|30px|15px|30px|true|true\u00a0\u00bb global_colors_info=\u00a0\u00bb{}\u00a0\u00bb button_bg_color__hover_enabled=\u00a0\u00bbon|hover\u00a0\u00bb button_bg_color__hover=\u00a0\u00bb\u00a0\u00bb button_bg_enable_color__hover=\u00a0\u00bboff\u00a0\u00bb][\/et_pb_button][et_pb_button button_url=\u00a0\u00bb@ET-DC@eyJkeW5hbWljIjp0cnVlLCJjb250ZW50IjoicG9zdF9saW5rX3VybF9wYWdlIiwic2V0dGluZ3MiOnsicG9zdF9pZCI6IjkyMyJ9fQ==@\u00a0\u00bb button_text=\u00a0\u00bbChirurgie du poignet\u00a0\u00bb button_alignment_tablet=\u00a0\u00bbcenter\u00a0\u00bb button_alignment_phone=\u00a0\u00bb\u00a0\u00bb button_alignment_last_edited=\u00a0\u00bbon|tablet\u00a0\u00bb module_class=\u00a0\u00bbprimary_button\u00a0\u00bb _builder_version=\u00a0\u00bb4.24.3&Prime; _dynamic_attributes=\u00a0\u00bbbutton_url\u00a0\u00bb custom_button=\u00a0\u00bbon\u00a0\u00bb button_text_size=\u00a0\u00bb16px\u00a0\u00bb button_text_color=\u00a0\u00bb#ffffff\u00a0\u00bb button_border_width=\u00a0\u00bb0px\u00a0\u00bb button_border_radius=\u00a0\u00bb50px\u00a0\u00bb button_font=\u00a0\u00bbPoppins||||||||\u00a0\u00bb button_use_icon=\u00a0\u00bboff\u00a0\u00bb custom_margin=\u00a0\u00bb-14px|||||\u00a0\u00bb custom_padding=\u00a0\u00bb15px|30px|15px|30px|true|true\u00a0\u00bb global_colors_info=\u00a0\u00bb{}\u00a0\u00bb button_bg_color__hover_enabled=\u00a0\u00bbon|hover\u00a0\u00bb button_bg_color__hover=\u00a0\u00bb\u00a0\u00bb button_bg_enable_color__hover=\u00a0\u00bboff\u00a0\u00bb][\/et_pb_button][et_pb_button button_url=\u00a0\u00bb@ET-DC@eyJkeW5hbWljIjp0cnVlLCJjb250ZW50IjoicG9zdF9saW5rX3VybF9wYWdlIiwic2V0dGluZ3MiOnsicG9zdF9pZCI6IjkyMyJ9fQ==@\u00a0\u00bb button_text=\u00a0\u00bbChirurgie du pied\u00a0\u00bb button_alignment_tablet=\u00a0\u00bbcenter\u00a0\u00bb button_alignment_phone=\u00a0\u00bb\u00a0\u00bb button_alignment_last_edited=\u00a0\u00bbon|tablet\u00a0\u00bb module_class=\u00a0\u00bbprimary_button\u00a0\u00bb _builder_version=\u00a0\u00bb4.24.3&Prime; _dynamic_attributes=\u00a0\u00bbbutton_url\u00a0\u00bb custom_button=\u00a0\u00bbon\u00a0\u00bb button_text_size=\u00a0\u00bb16px\u00a0\u00bb button_text_color=\u00a0\u00bb#ffffff\u00a0\u00bb button_border_width=\u00a0\u00bb0px\u00a0\u00bb button_border_radius=\u00a0\u00bb50px\u00a0\u00bb button_font=\u00a0\u00bbPoppins||||||||\u00a0\u00bb button_use_icon=\u00a0\u00bboff\u00a0\u00bb custom_margin=\u00a0\u00bb-12px|||||\u00a0\u00bb custom_padding=\u00a0\u00bb15px|30px|15px|30px|true|true\u00a0\u00bb global_colors_info=\u00a0\u00bb{}\u00a0\u00bb button_bg_color__hover_enabled=\u00a0\u00bbon|hover\u00a0\u00bb button_bg_color__hover=\u00a0\u00bb\u00a0\u00bb button_bg_enable_color__hover=\u00a0\u00bboff\u00a0\u00bb][\/et_pb_button][\/et_pb_column][\/et_pb_row][\/et_pb_section]<\/p>\n","protected":false},"excerpt":{"rendered":"<p>Pr. Emmanuel CAMUSPr\u00e9sentationEn tant que chirurgien orthop\u00e9diste, je suis sp\u00e9cialis\u00e9 dans la chirurgie de l&rsquo;appareil locomoteur des membres sup\u00e9rieurs et inf\u00e9rieurs. Je prends en charge la chirurgie des os et des articulations, des tendons et des ligaments, et des nerfs p\u00e9riph\u00e9riques. J&rsquo;ai une exp\u00e9rience plus particuli\u00e8re dans la chirurgie de la main et du pied, [&hellip;]<\/p>\n","protected":false},"author":1,"featured_media":0,"parent":1179,"menu_order":0,"comment_status":"closed","ping_status":"closed","template":"","meta":{"_et_pb_use_builder":"on","_et_pb_old_content":"","_et_gb_content_width":"","_monsterinsights_skip_tracking":false,"_monsterinsights_sitenote_active":false,"_monsterinsights_sitenote_note":"","_monsterinsights_sitenote_category":0,"footnotes":""},"class_list":["post-1051","page","type-page","status-publish","hentry"],"yoast_head":"<!-- This site is optimized with the Yoast SEO plugin v27.5 - https:\/\/yoast.com\/product\/yoast-seo-wordpress\/ -->\n<title>Professeur Emmanuel Camus | IMPPACT Chirurgie<\/title>\n<meta name=\"robots\" content=\"index, follow, max-snippet:-1, max-image-preview:large, max-video-preview:-1\" \/>\n<link rel=\"canonical\" href=\"https:\/\/imppact-chirurgie.fr\/index.php\/nos-chirurgiens\/professeur-emmanuel-camus\/\" \/>\n<meta property=\"og:locale\" content=\"fr_FR\" \/>\n<meta property=\"og:type\" content=\"article\" \/>\n<meta property=\"og:title\" content=\"Professeur Emmanuel Camus | IMPPACT Chirurgie\" \/>\n<meta property=\"og:description\" content=\"Pr. Emmanuel CAMUSPr\u00e9sentationEn tant que chirurgien orthop\u00e9diste, je suis sp\u00e9cialis\u00e9 dans la chirurgie de l&#039;appareil locomoteur des membres sup\u00e9rieurs et inf\u00e9rieurs. Je prends en charge la chirurgie des os et des articulations, des tendons et des ligaments, et des nerfs p\u00e9riph\u00e9riques. J&#039;ai une exp\u00e9rience plus particuli\u00e8re dans la chirurgie de la main et du pied, [&hellip;]\" \/>\n<meta property=\"og:url\" content=\"https:\/\/imppact-chirurgie.fr\/index.php\/nos-chirurgiens\/professeur-emmanuel-camus\/\" \/>\n<meta property=\"og:site_name\" content=\"IMPPACT Chirurgie\" \/>\n<meta property=\"article:modified_time\" content=\"2025-01-17T10:46:58+00:00\" \/>\n<meta name=\"twitter:card\" content=\"summary_large_image\" \/>\n<meta name=\"twitter:label1\" content=\"Dur\u00e9e de lecture estim\u00e9e\" \/>\n\t<meta name=\"twitter:data1\" content=\"3 minutes\" \/>\n<script type=\"application\/ld+json\" class=\"yoast-schema-graph\">{\"@context\":\"https:\\\/\\\/schema.org\",\"@graph\":[{\"@type\":\"WebPage\",\"@id\":\"https:\\\/\\\/imppact-chirurgie.fr\\\/index.php\\\/nos-chirurgiens\\\/professeur-emmanuel-camus\\\/\",\"url\":\"https:\\\/\\\/imppact-chirurgie.fr\\\/index.php\\\/nos-chirurgiens\\\/professeur-emmanuel-camus\\\/\",\"name\":\"Professeur Emmanuel Camus | IMPPACT Chirurgie\",\"isPartOf\":{\"@id\":\"https:\\\/\\\/imppact-chirurgie.fr\\\/#website\"},\"datePublished\":\"2024-04-09T08:04:29+00:00\",\"dateModified\":\"2025-01-17T10:46:58+00:00\",\"breadcrumb\":{\"@id\":\"https:\\\/\\\/imppact-chirurgie.fr\\\/index.php\\\/nos-chirurgiens\\\/professeur-emmanuel-camus\\\/#breadcrumb\"},\"inLanguage\":\"fr-FR\",\"potentialAction\":[{\"@type\":\"ReadAction\",\"target\":[\"https:\\\/\\\/imppact-chirurgie.fr\\\/index.php\\\/nos-chirurgiens\\\/professeur-emmanuel-camus\\\/\"]}]},{\"@type\":\"BreadcrumbList\",\"@id\":\"https:\\\/\\\/imppact-chirurgie.fr\\\/index.php\\\/nos-chirurgiens\\\/professeur-emmanuel-camus\\\/#breadcrumb\",\"itemListElement\":[{\"@type\":\"ListItem\",\"position\":1,\"name\":\"Accueil\",\"item\":\"https:\\\/\\\/imppact-chirurgie.fr\\\/\"},{\"@type\":\"ListItem\",\"position\":2,\"name\":\"Nos chirurgiens\",\"item\":\"https:\\\/\\\/imppact-chirurgie.fr\\\/index.php\\\/nos-chirurgiens\\\/\"},{\"@type\":\"ListItem\",\"position\":3,\"name\":\"Professeur Emmanuel Camus\"}]},{\"@type\":\"WebSite\",\"@id\":\"https:\\\/\\\/imppact-chirurgie.fr\\\/#website\",\"url\":\"https:\\\/\\\/imppact-chirurgie.fr\\\/\",\"name\":\"IMPPACT Chirurgie\",\"description\":\"IMPPACT Institut Main Pied Plastique Articulations Chirurgie Traumatologie\",\"publisher\":{\"@id\":\"https:\\\/\\\/imppact-chirurgie.fr\\\/#organization\"},\"potentialAction\":[{\"@type\":\"SearchAction\",\"target\":{\"@type\":\"EntryPoint\",\"urlTemplate\":\"https:\\\/\\\/imppact-chirurgie.fr\\\/?s={search_term_string}\"},\"query-input\":{\"@type\":\"PropertyValueSpecification\",\"valueRequired\":true,\"valueName\":\"search_term_string\"}}],\"inLanguage\":\"fr-FR\"},{\"@type\":\"Organization\",\"@id\":\"https:\\\/\\\/imppact-chirurgie.fr\\\/#organization\",\"name\":\"Imppact Chirurgie\",\"alternateName\":\"Institut Main Pied Plastique Articulations Chirurgie Traumatologie\",\"url\":\"https:\\\/\\\/imppact-chirurgie.fr\\\/\",\"logo\":{\"@type\":\"ImageObject\",\"inLanguage\":\"fr-FR\",\"@id\":\"https:\\\/\\\/imppact-chirurgie.fr\\\/#\\\/schema\\\/logo\\\/image\\\/\",\"url\":\"https:\\\/\\\/imppact-chirurgie.fr\\\/wp-content\\\/uploads\\\/2024\\\/02\\\/logo_final_imppact.png\",\"contentUrl\":\"https:\\\/\\\/imppact-chirurgie.fr\\\/wp-content\\\/uploads\\\/2024\\\/02\\\/logo_final_imppact.png\",\"width\":1000,\"height\":523,\"caption\":\"Imppact Chirurgie\"},\"image\":{\"@id\":\"https:\\\/\\\/imppact-chirurgie.fr\\\/#\\\/schema\\\/logo\\\/image\\\/\"}}]}<\/script>\n<!-- \/ Yoast SEO plugin. -->","yoast_head_json":{"title":"Professeur Emmanuel Camus | IMPPACT Chirurgie","robots":{"index":"index","follow":"follow","max-snippet":"max-snippet:-1","max-image-preview":"max-image-preview:large","max-video-preview":"max-video-preview:-1"},"canonical":"https:\/\/imppact-chirurgie.fr\/index.php\/nos-chirurgiens\/professeur-emmanuel-camus\/","og_locale":"fr_FR","og_type":"article","og_title":"Professeur Emmanuel Camus | IMPPACT Chirurgie","og_description":"Pr. Emmanuel CAMUSPr\u00e9sentationEn tant que chirurgien orthop\u00e9diste, je suis sp\u00e9cialis\u00e9 dans la chirurgie de l'appareil locomoteur des membres sup\u00e9rieurs et inf\u00e9rieurs. Je prends en charge la chirurgie des os et des articulations, des tendons et des ligaments, et des nerfs p\u00e9riph\u00e9riques. J'ai une exp\u00e9rience plus particuli\u00e8re dans la chirurgie de la main et du pied, [&hellip;]","og_url":"https:\/\/imppact-chirurgie.fr\/index.php\/nos-chirurgiens\/professeur-emmanuel-camus\/","og_site_name":"IMPPACT Chirurgie","article_modified_time":"2025-01-17T10:46:58+00:00","twitter_card":"summary_large_image","twitter_misc":{"Dur\u00e9e de lecture estim\u00e9e":"3 minutes"},"schema":{"@context":"https:\/\/schema.org","@graph":[{"@type":"WebPage","@id":"https:\/\/imppact-chirurgie.fr\/index.php\/nos-chirurgiens\/professeur-emmanuel-camus\/","url":"https:\/\/imppact-chirurgie.fr\/index.php\/nos-chirurgiens\/professeur-emmanuel-camus\/","name":"Professeur Emmanuel Camus | IMPPACT Chirurgie","isPartOf":{"@id":"https:\/\/imppact-chirurgie.fr\/#website"},"datePublished":"2024-04-09T08:04:29+00:00","dateModified":"2025-01-17T10:46:58+00:00","breadcrumb":{"@id":"https:\/\/imppact-chirurgie.fr\/index.php\/nos-chirurgiens\/professeur-emmanuel-camus\/#breadcrumb"},"inLanguage":"fr-FR","potentialAction":[{"@type":"ReadAction","target":["https:\/\/imppact-chirurgie.fr\/index.php\/nos-chirurgiens\/professeur-emmanuel-camus\/"]}]},{"@type":"BreadcrumbList","@id":"https:\/\/imppact-chirurgie.fr\/index.php\/nos-chirurgiens\/professeur-emmanuel-camus\/#breadcrumb","itemListElement":[{"@type":"ListItem","position":1,"name":"Accueil","item":"https:\/\/imppact-chirurgie.fr\/"},{"@type":"ListItem","position":2,"name":"Nos chirurgiens","item":"https:\/\/imppact-chirurgie.fr\/index.php\/nos-chirurgiens\/"},{"@type":"ListItem","position":3,"name":"Professeur Emmanuel Camus"}]},{"@type":"WebSite","@id":"https:\/\/imppact-chirurgie.fr\/#website","url":"https:\/\/imppact-chirurgie.fr\/","name":"IMPPACT Chirurgie","description":"IMPPACT Institut Main Pied Plastique Articulations Chirurgie Traumatologie","publisher":{"@id":"https:\/\/imppact-chirurgie.fr\/#organization"},"potentialAction":[{"@type":"SearchAction","target":{"@type":"EntryPoint","urlTemplate":"https:\/\/imppact-chirurgie.fr\/?s={search_term_string}"},"query-input":{"@type":"PropertyValueSpecification","valueRequired":true,"valueName":"search_term_string"}}],"inLanguage":"fr-FR"},{"@type":"Organization","@id":"https:\/\/imppact-chirurgie.fr\/#organization","name":"Imppact Chirurgie","alternateName":"Institut Main Pied Plastique Articulations Chirurgie Traumatologie","url":"https:\/\/imppact-chirurgie.fr\/","logo":{"@type":"ImageObject","inLanguage":"fr-FR","@id":"https:\/\/imppact-chirurgie.fr\/#\/schema\/logo\/image\/","url":"https:\/\/imppact-chirurgie.fr\/wp-content\/uploads\/2024\/02\/logo_final_imppact.png","contentUrl":"https:\/\/imppact-chirurgie.fr\/wp-content\/uploads\/2024\/02\/logo_final_imppact.png","width":1000,"height":523,"caption":"Imppact Chirurgie"},"image":{"@id":"https:\/\/imppact-chirurgie.fr\/#\/schema\/logo\/image\/"}}]}},"_links":{"self":[{"href":"https:\/\/imppact-chirurgie.fr\/index.php\/wp-json\/wp\/v2\/pages\/1051","targetHints":{"allow":["GET"]}}],"collection":[{"href":"https:\/\/imppact-chirurgie.fr\/index.php\/wp-json\/wp\/v2\/pages"}],"about":[{"href":"https:\/\/imppact-chirurgie.fr\/index.php\/wp-json\/wp\/v2\/types\/page"}],"author":[{"embeddable":true,"href":"https:\/\/imppact-chirurgie.fr\/index.php\/wp-json\/wp\/v2\/users\/1"}],"replies":[{"embeddable":true,"href":"https:\/\/imppact-chirurgie.fr\/index.php\/wp-json\/wp\/v2\/comments?post=1051"}],"version-history":[{"count":10,"href":"https:\/\/imppact-chirurgie.fr\/index.php\/wp-json\/wp\/v2\/pages\/1051\/revisions"}],"predecessor-version":[{"id":2107,"href":"https:\/\/imppact-chirurgie.fr\/index.php\/wp-json\/wp\/v2\/pages\/1051\/revisions\/2107"}],"up":[{"embeddable":true,"href":"https:\/\/imppact-chirurgie.fr\/index.php\/wp-json\/wp\/v2\/pages\/1179"}],"wp:attachment":[{"href":"https:\/\/imppact-chirurgie.fr\/index.php\/wp-json\/wp\/v2\/media?parent=1051"}],"curies":[{"name":"wp","href":"https:\/\/api.w.org\/{rel}","templated":true}]}}